{"id":32,"date":"2025-05-06T00:29:15","date_gmt":"2025-05-05T21:29:15","guid":{"rendered":"https:\/\/blogi.savonia.fi\/evgenyzhikharev\/?page_id=32"},"modified":"2025-10-02T12:46:03","modified_gmt":"2025-10-02T09:46:03","slug":"oppimisen-reflektointi","status":"publish","type":"page","link":"https:\/\/blogi.savonia.fi\/evgenyzhikharev\/?page_id=32","title":{"rendered":"Oppimisen reflektointi"},"content":{"rendered":"\n<p>Viikko 37<br><strong>Maanantai:<\/strong><\/p>\n\n\n\n<ul class=\"wp-block-list\">\n<li>raportin kuuntelu menneest\u00e4 y\u00f6st\u00e4<\/li>\n\n\n\n<li>aamupesut ja vaippojen vaihto<\/li>\n\n\n\n<li>asukkaiden pukeutuminen<\/li>\n\n\n\n<li>aamupalan tarjoaminen ja sy\u00f6tt\u00e4minen<\/li>\n\n\n\n<li>l\u00e4\u00e4kkeiden jakamisen seuraaminen<\/li>\n\n\n\n<li>p\u00e4iv\u00e4toimintaan osallistuminen <\/li>\n\n\n\n<li>yhteinen reflektointi ja raportointi ty\u00f6p\u00e4iv\u00e4n p\u00e4\u00e4tteeksi<\/li>\n<\/ul>\n\n\n\n<p><strong>Tiistai:<\/strong><\/p>\n\n\n\n<ul class=\"wp-block-list\">\n<li>y\u00f6vuoron raportin l\u00e4pik\u00e4ynti<\/li>\n\n\n\n<li>aamupesut, suunhoito ja vaippojen vaihto<\/li>\n\n\n\n<li>aamupalan avustaminen ja sy\u00f6tt\u00e4minen<\/li>\n\n\n\n<li>osallistuminen p\u00e4iv\u00e4toimintaan <\/li>\n\n\n\n<li>lounaan tarjoaminen ja ruokailussa avustaminen<\/li>\n\n\n\n<li>iltap\u00e4iv\u00e4n reflektointi ja raportointi<\/li>\n<\/ul>\n\n\n\n<p><strong>Keskiviikko:<\/strong><\/p>\n\n\n\n<ul class=\"wp-block-list\">\n<li>raportti y\u00f6n tapahtumista<\/li>\n\n\n\n<li>aamupesut ja vaippojen vaihto<\/li>\n\n\n\n<li>aamupala ja sy\u00f6tt\u00e4minen<\/li>\n\n\n\n<li>l\u00e4\u00e4kkeiden jaon seuraaminen<\/li>\n\n\n\n<li>ulkoilua ja asukkaiden ohjaamista arjen toimintoihin<\/li>\n\n\n\n<li>v\u00e4lipalan tarjoaminen<\/li>\n\n\n\n<li>p\u00e4iv\u00e4n lopuksi yhteinen keskustelu ja raportointi<\/li>\n<\/ul>\n\n\n\n<p><strong>Torstai:<\/strong><\/p>\n\n\n\n<ul class=\"wp-block-list\">\n<li>y\u00f6vuoron raportti<\/li>\n\n\n\n<li>aamupesut, vaippojen vaihto ja pukeutuminen<\/li>\n\n\n\n<li>aamupalan sy\u00f6tt\u00e4minen ja p\u00f6ytien siistiminen<\/li>\n\n\n\n<li>p\u00e4iv\u00e4toiminta<\/li>\n\n\n\n<li>lounaan tarjoaminen ja sy\u00f6tt\u00e4minen<\/li>\n\n\n\n<li>yhteinen ulkoilu pihalla<\/li>\n\n\n\n<li>p\u00e4iv\u00e4n lopuksi yhteinen keskustelu ja raportointi<\/li>\n<\/ul>\n\n\n\n<p><\/p>\n\n\n\n<p><strong>Perjantai: <\/strong><\/p>\n\n\n\n<ul class=\"wp-block-list\">\n<li>y\u00f6vuoron raportin kuuleminen<\/li>\n\n\n\n<li>aamupesut, vaippojen vaihto ja pukeutuminen<\/li>\n\n\n\n<li>aamupalan tarjoaminen, sy\u00f6tt\u00e4minen ja p\u00f6ytien siistiminen<\/li>\n\n\n\n<li>l\u00e4\u00e4kkeiden jaon seuraaminen sek\u00e4 asukkaiden voinnin tarkastelu<\/li>\n\n\n\n<li>osallistuminen p\u00e4iv\u00e4toimintaan <\/li>\n\n\n\n<li>lounaan tarjoaminen ja ruokailussa avustaminen<\/li>\n\n\n\n<li>v\u00e4lipalan valmistelu ja tarjoaminen<\/li>\n\n\n\n<li>viikon yhteenveto ja raportointi&nbsp;<\/li>\n<\/ul>\n\n\n\n<p><\/p>\n\n\n\n<p><strong>Reflektointi<\/strong> 1<br>Viikon aikana olen oppinut paljon kehitysvammaisten hoitoty\u00f6st\u00e4. Olen saanut kokemusta l\u00e4\u00e4kehoidon tarkkuuden ja turvallisuuden merkityksest\u00e4. Lis\u00e4ksi olen harjoitellut erilaisia hoitotoimia, kuten perushoitoa, ja asukkaiden p\u00e4ivitt\u00e4isiss\u00e4 toiminnoissa avustamista. Olen my\u00f6s oppinut, kuinka t\u00e4rke\u00e4\u00e4 on huomioida jokaisen asukkaan yksil\u00f6lliset tarpeet ja k\u00e4ytt\u00e4\u00e4 erilaisia vuorovaikutuksen keinoja. Ty\u00f6 on opettanut minulle k\u00e4rsiv\u00e4llisyytt\u00e4, yhteisty\u00f6t\u00e4 ja kuntouttavan ty\u00f6otteen merkityst\u00e4 arjessa.<\/p>\n\n\n\n<p><\/p>\n\n\n\n<p>Viikko 38<br><br><strong>Maanantai<\/strong><\/p>\n\n\n\n<ul class=\"wp-block-list\">\n<li>y\u00f6vuoron raportin kuuntelu<\/li>\n\n\n\n<li>aamupesut, vaippojen vaihto ja pukeutumisessa avustaminen<\/li>\n\n\n\n<li>aamupalan tarjoaminen ja tarvittaessa sy\u00f6tt\u00e4minen<\/li>\n\n\n\n<li>l\u00e4\u00e4kkeiden jakamisen seuraaminen ja kirjaamisen merkityksen ymm\u00e4rt\u00e4minen<\/li>\n\n\n\n<li>osallistuminen p\u00e4iv\u00e4toimintaan <\/li>\n\n\n\n<li>p\u00e4iv\u00e4n lopuksi yhteinen reflektointi ja raportointi<\/li>\n<\/ul>\n\n\n\n<p><strong>Tiistai<\/strong><\/p>\n\n\n\n<ul class=\"wp-block-list\">\n<li>y\u00f6vuoron raportin l\u00e4pik\u00e4ynti<\/li>\n\n\n\n<li>aamupesut, suunhoito ja vaippojen vaihto<\/li>\n\n\n\n<li>aamupalan tarjoaminen ja avustaminen ruokailussa<\/li>\n\n\n\n<li>osallistuminen p\u00e4iv\u00e4toimintaan ja asukkaiden ohjaamiseen<\/li>\n\n\n\n<li>lounaan tarjoaminen ja sy\u00f6tt\u00e4minen tarvittaessa<\/li>\n\n\n\n<li>iltap\u00e4iv\u00e4n reflektointi ja raportointi ty\u00f6yhteis\u00f6n kanssa<\/li>\n<\/ul>\n\n\n\n<p><strong>Keskiviikko<\/strong><\/p>\n\n\n\n<ul class=\"wp-block-list\">\n<li>y\u00f6n tapahtumien raportin kuuntelu<\/li>\n\n\n\n<li>aamupesut, pukeutuminen ja vaippojen vaihto<\/li>\n\n\n\n<li>aamupala ja sy\u00f6tt\u00e4minen<\/li>\n\n\n\n<li>l\u00e4\u00e4kkeiden jaon seuraaminen sek\u00e4 asukkaiden voinnin tarkkailu<\/li>\n\n\n\n<li>ulkoilua yhdess\u00e4 asukkaiden kanssa ja arjen taitojen harjoittelua<\/li>\n\n\n\n<li>v\u00e4lipalan tarjoaminen ja ruokailutilanteissa avustaminen<\/li>\n\n\n\n<li>p\u00e4iv\u00e4n lopuksi keskustelu ja raportointi<\/li>\n<\/ul>\n\n\n\n<p><strong>Torstai<\/strong><\/p>\n\n\n\n<p><\/p>\n\n\n\n<ul class=\"wp-block-list\">\n<li>y\u00f6vuoron raportin kuuleminen<\/li>\n\n\n\n<li>aamupesut, vaippojen vaihto ja pukeutuminen<\/li>\n\n\n\n<li>aamupalan sy\u00f6tt\u00e4minen sek\u00e4 p\u00f6ytien siistiminen ruokailun j\u00e4lkeen<\/li>\n\n\n\n<li>osallistuminen p\u00e4iv\u00e4toimintaan ja virikkeiden tarjoaminen<\/li>\n\n\n\n<li>lounaan tarjoaminen ja ruokailussa avustaminen<\/li>\n\n\n\n<li>yhteinen ulkoilu pihalla ja vuorovaikutuksen harjoittelu asukkaiden kanssa<\/li>\n<\/ul>\n\n\n\n<p><strong>Perjantai: <\/strong><\/p>\n\n\n\n<ul class=\"wp-block-list\">\n<li>y\u00f6vuoron raportin kuuleminen<\/li>\n\n\n\n<li>aamupesut, vaippojen vaihto ja pukeutuminen<\/li>\n\n\n\n<li>aamupalan tarjoaminen, sy\u00f6tt\u00e4minen ja p\u00f6ytien siistiminen<\/li>\n\n\n\n<li>l\u00e4\u00e4kkeiden jaon seuraaminen sek\u00e4 asukkaiden voinnin tarkastelu<\/li>\n\n\n\n<li>osallistuminen p\u00e4iv\u00e4toimintaan <\/li>\n\n\n\n<li>lounaan tarjoaminen ja ruokailussa avustaminen<\/li>\n\n\n\n<li>v\u00e4lipalan valmistelu ja tarjoaminen<\/li>\n\n\n\n<li>viikon yhteenveto ja raportointi&nbsp;<\/li>\n<\/ul>\n\n\n\n<p><strong>Reflektointi<\/strong> 2<br><span>Kahden viikon harjoittelu kehitysvammaisten palvelukodissa tarjosi k\u00e4yt\u00e4nn\u00f6n kokemusta perushoidosta, l\u00e4\u00e4kehoidon turvallisuudesta ja ruokailuavustuksista. Opin tunnistamaan asukkaiden yksil\u00f6lliset tarpeet ja k\u00e4ytt\u00e4m\u00e4\u00e4n selke\u00e4\u00e4, kannustavaa vuorovaikutusta.\u00a0<\/span><\/p>\n\n\n\n<p><strong>Reflektointi 3<\/strong><br><strong>Reflektointi p\u00e4iv\u00e4n tapahtumasta aamuvuorossa<\/strong><\/p>\n\n\n\n<p>Kirjoitan t\u00e4h\u00e4n esimerkin siit\u00e4, miten aamuvuorossa hoitotoimenpiteet ja viriketoiminta toteutuvat yhden asukkaan kohdalla. Aamu alkaa aamupesuilla, hampaiden harjaamisella ja vaipan vaihdolla. Sen j\u00e4lkeen l\u00e4hden asukkaan kanssa aamupalalle ja otan huomioon, miten h\u00e4n sy\u00f6. Mik\u00e4li h\u00e4n ei sy\u00f6 riitt\u00e4v\u00e4sti, kirjaan asiasta potilastietoj\u00e4rjestelm\u00e4\u00e4n. Ruokailun yhteydess\u00e4 annan l\u00e4\u00e4kkeet ohjaajani valvonnassa ja tarkistan samalla, ett\u00e4 kaikki l\u00e4\u00e4kkeet t\u00e4sm\u00e4\u00e4v\u00e4t. T\u00e4m\u00e4n j\u00e4lkeen osallistumme viriketoimintaan. Esimerkiksi maanantaisin k\u00e4ymme musiikkikerhossa. Vaikka asukas on t\u00e4ysin autettava kaikissa toiminnoissa, h\u00e4nen k\u00e4tens\u00e4 liikkuu, joten hy\u00f6dynn\u00e4n sen asettamalla h\u00e4nen k\u00e4teens\u00e4 jonkin soittimen ja kannustan h\u00e4nt\u00e4 osallistumaan aktiivisesti toimintaan joko laulamalla tai soittamalla. P\u00e4iv\u00e4ll\u00e4 menemme j\u00e4lleen sy\u00f6m\u00e4\u00e4n. Sen j\u00e4lkeen vien asukkaan vessaan ja tarkistan samalla ihon kunnon, tarvittaessa laitan voidetta. Vessak\u00e4ynnin j\u00e4lkeen vien asukkaan s\u00e4nkyyn, jossa h\u00e4n nukkuu noin tunnin. T\u00e4n\u00e4 aikana autan muita ty\u00f6ntekij\u00f6it\u00e4 ja k\u00e4yn itse sy\u00f6m\u00e4ss\u00e4. ltap\u00e4iv\u00e4ll\u00e4 asukas joko katsoo televisiota, luen h\u00e4nelle kirjaa tai pelaamme palapeli\u00e4 \u2013 toimintaa valitaan h\u00e4nen kiinnostuksensa mukaan. Ty\u00f6p\u00e4iv\u00e4n lopuksi teen kirjaukset asukkaista Pegasokseen, esimerkiksi annetuista l\u00e4\u00e4kkeist\u00e4, viriketoiminnasta, mielialasta ja ruokailusta.<\/p>\n\n\n\n<div class=\"wp-block-comments\"><h2 id=\"comments\" class=\"wp-block-comments-title\">2 vastausta artikkeliin &#8220;Oppimisen reflektointi&#8221;<\/h2>\n\n<ol class=\"wp-block-comment-template\"><li id=\"comment-3\" class=\"comment even thread-even depth-1\">\n\n<div class=\"wp-block-columns is-layout-flex wp-container-core-columns-is-layout-9d6595d7 wp-block-columns-is-layout-flex\">\n<div class=\"wp-block-column is-layout-flow wp-block-column-is-layout-flow\" style=\"flex-basis:40px\"><div class=\"wp-block-avatar\"><img alt='Henna K\u00e4rkk\u00e4inen avatar' src='https:\/\/secure.gravatar.com\/avatar\/3e6524b712e6fa20164292705b001c7b8c06dea1a8ebe6272f452e047c7fbf48?s=40&#038;d=mm&#038;r=g' srcset='https:\/\/secure.gravatar.com\/avatar\/3e6524b712e6fa20164292705b001c7b8c06dea1a8ebe6272f452e047c7fbf48?s=80&#038;d=mm&#038;r=g 2x' class='avatar avatar-40 photo wp-block-avatar__image' height='40' width='40'  style=\"border-radius:20px;\"\/><\/div><\/div>\n\n\n\n<div class=\"wp-block-column is-layout-flow wp-block-column-is-layout-flow\"><div class=\"wp-block-comment-author-name has-small-font-size\">Henna K\u00e4rkk\u00e4inen<\/div>\n\n\n<div class=\"wp-block-group is-layout-flex wp-block-group-is-layout-flex\" style=\"margin-top:0px;margin-bottom:0px\"><div class=\"wp-block-comment-date has-small-font-size\"><time datetime=\"2025-09-23T13:26:53+03:00\"><a href=\"https:\/\/blogi.savonia.fi\/evgenyzhikharev\/?page_id=32&#038;cpage=1#comment-3\">23.9.2025<\/a><\/time><\/div>\n\n<\/div>\n\n\n<div class=\"wp-block-comment-content\"><p>Harjoittelu on sujunut hyvin. Evgeny ollut omatoiminen, kysellyt paljon, kiinnostunut yksik\u00f6n asiakkaista ja hoitotoimenpiteist\u00e4 ja kaikesta. Osallistuu monipuolisesti asiakkaiden arkeen. Osallistunut yksik\u00f6n ulkopuoliseen toimintaan esim. musiikkikerhoon ja p\u00e4iv\u00e4toimintaan. Ottaa asukkiaisiin kontaktia ja kommunikoi rauhallisesti ja selke\u00e4sti.<\/p>\n<\/div>\n\n<div class=\"wp-block-comment-reply-link has-small-font-size\"><a rel=\"nofollow\" class=\"comment-reply-link\" href=\"https:\/\/blogi.savonia.fi\/evgenyzhikharev\/?page_id=32&#038;cpage=1&#038;replytocom=3#respond\" data-commentid=\"3\" data-postid=\"32\" data-belowelement=\"comment-3\" data-respondelement=\"respond\" data-replyto=\"Vastaa kommenttiin Henna K\u00e4rkk\u00e4inen\" aria-label=\"Vastaa kommenttiin Henna K\u00e4rkk\u00e4inen\">Vastaa<\/a><\/div><\/div>\n<\/div>\n\n<\/li><li id=\"comment-4\" class=\"comment odd alt thread-odd thread-alt depth-1\">\n\n<div class=\"wp-block-columns is-layout-flex wp-container-core-columns-is-layout-9d6595d7 wp-block-columns-is-layout-flex\">\n<div class=\"wp-block-column is-layout-flow wp-block-column-is-layout-flow\" style=\"flex-basis:40px\"><div class=\"wp-block-avatar\"><img alt='Jenni Niinim\u00e4ki ohjaava opettaja avatar' src='https:\/\/secure.gravatar.com\/avatar\/a4a63b3f29a9f4562a9afe85ce4a35edcbbc66f5a45dd7654e2f37300843e0e8?s=40&#038;d=mm&#038;r=g' srcset='https:\/\/secure.gravatar.com\/avatar\/a4a63b3f29a9f4562a9afe85ce4a35edcbbc66f5a45dd7654e2f37300843e0e8?s=80&#038;d=mm&#038;r=g 2x' class='avatar avatar-40 photo wp-block-avatar__image' height='40' width='40'  style=\"border-radius:20px;\"\/><\/div><\/div>\n\n\n\n<div class=\"wp-block-column is-layout-flow wp-block-column-is-layout-flow\"><div class=\"wp-block-comment-author-name has-small-font-size\">Jenni Niinim\u00e4ki ohjaava opettaja<\/div>\n\n\n<div class=\"wp-block-group is-layout-flex wp-block-group-is-layout-flex\" style=\"margin-top:0px;margin-bottom:0px\"><div class=\"wp-block-comment-date has-small-font-size\"><time datetime=\"2025-09-25T16:02:16+03:00\"><a href=\"https:\/\/blogi.savonia.fi\/evgenyzhikharev\/?page_id=32&#038;cpage=1#comment-4\">25.9.2025<\/a><\/time><\/div>\n\n<\/div>\n\n\n<div class=\"wp-block-comment-content\"><p>Hei Evgeny,<\/p>\n<p>Tapasimme zoomissa v\u00e4liarvioinnin merkeiss\u00e4 25.9. Ohjaajan palaute on luettavissa reflektioiden alla. Olet saanut kannustavan palautteen ohjaajalta, siit\u00e4 on hyv\u00e4 jatkaa harjoittelun etenemist\u00e4.<\/p>\n<p>Kerrot ett\u00e4 harjoittelu on sujunut hyvin ja olet viihtynyt. K\u00e4dentaitoja olet p\u00e4\u00e4ssyt harjoittelemaan ja oppimaan uutta. Huomioit ty\u00f6skentelyss\u00e4si aseptiikan ja ergonomian. Loppuharjoittelulle sovimme, ett\u00e4 otat eL\u00e4\u00e4kehoitopassin k\u00e4ytt\u00f6\u00f6n ja aloitat jo sen t\u00e4ytt\u00e4mist\u00e4. Lis\u00e4ksi voisit harjoitella asiakkaiden vitaalitoimintojen mittaamista, jos l\u00f6ytyisi yhteisty\u00f6kykyinen asiakas.<\/p>\n<p>Kirjoita blogiin nelj\u00e4nnen viikon reflektio, k\u00e4vimme l\u00e4pi mit\u00e4 t\u00e4m\u00e4 sis\u00e4lt\u00e4\u00e4. Eli yksi oppimistilanne, jossa olit mukana, niin pohdi sit\u00e4. Lis\u00e4ksi kirjoita viel\u00e4 v\u00e4liarviointi erikseen ja siihen otsikoiden mukaan sis\u00e4ll\u00f6t. Katsoimme t\u00e4t\u00e4kin yhdess\u00e4.<\/p>\n<p>Loppuarvioinnin voitte k\u00e4yd\u00e4 harjoittelupaikan ohjaajan kanssa kahdestaan. Mik\u00e4li haluatte minut mukaan, ilmoittakaa siit\u00e4 viimeist\u00e4\u00e4n edellisell\u00e4 viikolla niin varataan viimeiselle viikolle yhteinen aika. Ennen sovittua loppukeskustelua sek\u00e4 opiskelija ett\u00e4 ohjaaja kirjoittavat arvioinnin, jonka pohjalta k\u00e4ytte loppukeskustelun. Opiskelija laatii osaamisen kehittymisest\u00e4 harjoittelun lopussa kirjallisen yhteenvedon blogiin. Yhteenvedon laatimisessa k\u00e4ytet\u00e4\u00e4n arviointilomakkeen ammatillisen osaamisen kriteereit\u00e4 ja kompetensseja otsikkona eli samoja mit\u00e4 v\u00e4liarvioinnissa. <\/p>\n<p>Ohjaaja tekee oman loppuarviointinsa yhteenvedon alle blogiin. Lis\u00e4ksi merkint\u00e4 onko harjoittelu hyv\u00e4ksytty\/ hyl\u00e4tty vai t\u00e4ydennett\u00e4v\u00e4 ja siihen tarkennus miten\/ kuinka monta p\u00e4iv\u00e4\u00e4 \u2013 viikkoa.<\/p>\n<p>Olkaa yhteydess\u00e4, jos kysytt\u00e4v\u00e4\u00e4. Evgenylle aurinkoisia harjoittelup\u00e4ivi\u00e4!<\/p>\n<p>Yst.Jenni<\/p>\n<\/div>\n\n<div class=\"wp-block-comment-reply-link has-small-font-size\"><a rel=\"nofollow\" class=\"comment-reply-link\" href=\"https:\/\/blogi.savonia.fi\/evgenyzhikharev\/?page_id=32&#038;cpage=1&#038;replytocom=4#respond\" data-commentid=\"4\" data-postid=\"32\" data-belowelement=\"comment-4\" data-respondelement=\"respond\" data-replyto=\"Vastaa kommenttiin Jenni Niinim\u00e4ki ohjaava opettaja\" aria-label=\"Vastaa kommenttiin Jenni Niinim\u00e4ki ohjaava opettaja\">Vastaa<\/a><\/div><\/div>\n<\/div>\n\n<\/li><\/ol>\n\n\n\n\t<div id=\"respond\" class=\"comment-respond wp-block-post-comments-form\">\n\t\t<h3 id=\"reply-title\" class=\"comment-reply-title\">Vastaa <small><a rel=\"nofollow\" id=\"cancel-comment-reply-link\" href=\"\/evgenyzhikharev\/index.php?rest_route=%2Fwp%2Fv2%2Fpages%2F32#respond\" style=\"display:none;\">Peruuta vastaus<\/a><\/small><\/h3><form action=\"https:\/\/blogi.savonia.fi\/evgenyzhikharev\/wp-comments-post.php\" method=\"post\" id=\"commentform\" class=\"comment-form\"><p class=\"comment-notes\"><span id=\"email-notes\">S\u00e4hk\u00f6postiosoitettasi ei julkaista.<\/span> <span class=\"required-field-message\">Pakolliset kent\u00e4t on merkitty <span class=\"required\">*<\/span><\/span><\/p><p class=\"comment-form-comment\"><label for=\"comment\">Kommentti <span class=\"required\">*<\/span><\/label> <textarea id=\"comment\" name=\"comment\" cols=\"45\" rows=\"8\" maxlength=\"65525\" required><\/textarea><\/p><p class=\"comment-form-author\"><label for=\"author\">Nimi<\/label> <input id=\"author\" name=\"author\" type=\"text\" value=\"\" size=\"30\" maxlength=\"245\" autocomplete=\"name\" \/><\/p>\n<p class=\"comment-form-email\"><label for=\"email\">S\u00e4hk\u00f6postiosoite<\/label> <input id=\"email\" name=\"email\" type=\"email\" value=\"\" size=\"30\" maxlength=\"100\" aria-describedby=\"email-notes\" autocomplete=\"email\" \/><\/p>\n<p class=\"comment-form-url\"><label for=\"url\">Verkkosivusto<\/label> <input id=\"url\" name=\"url\" type=\"url\" value=\"\" size=\"30\" maxlength=\"200\" autocomplete=\"url\" \/><\/p>\n<p class=\"comment-form-cookies-consent\"><input id=\"wp-comment-cookies-consent\" name=\"wp-comment-cookies-consent\" type=\"checkbox\" value=\"yes\" \/> <label for=\"wp-comment-cookies-consent\">Tallenna nimeni, s\u00e4hk\u00f6postiosoitteeni ja sivustoni t\u00e4h\u00e4n selaimeen seuraavaa kommentointikertaa varten.<\/label><\/p>\n<p class=\"form-submit\"><p class=\"be-mu-captcha-comment-image-p\"><label>Security Image:<\/label> <img decoding=\"async\" class=\"be-mu-captcha-image\" src=\"https:\/\/blogi.savonia.fi\/evgenyzhikharev\/wp-content\/uploads\/sites\/14636\/be_mu_captcha\/hsr99b6t19ayiamjfleqb4dok5epsp6rjrb91wrb.png\" \/> <input name=\"be-mu-captcha-request\" type=\"hidden\" value=\"hsr99b6t19ayiamjfleqb4dok5epsp6rjrb91wrb\" \/><\/p><p class=\"be-mu-captcha-comment-answer-p\"><label for=\"be-mu-captcha-answer\">Security Text:<\/label> <input id=\"be-mu-captcha-answer\" autocomplete=\"off\" name=\"be-mu-captcha-answer\" size=\"9\" type=\"text\" \/><\/p><input name=\"submit\" type=\"submit\" id=\"submit\" class=\"submit\" value=\"L\u00e4het\u00e4 kommentti\" \/> <input type='hidden' name='comment_post_ID' value='32' id='comment_post_ID' \/>\n<input type='hidden' name='comment_parent' id='comment_parent' value='0' \/>\n<\/p><\/form>\t<\/div><!-- #respond -->\n\t\n\n\n<p><\/p>\n<\/div>\n","protected":false},"excerpt":{"rendered":"<p>Viikko 37Maanantai: Tiistai: Keskiviikko: Torstai: Perjantai: Reflektointi 1Viikon aikana olen oppinut paljon kehitysvammaisten hoitoty\u00f6st\u00e4. Olen saanut kokemusta l\u00e4\u00e4kehoidon tarkkuuden ja turvallisuuden merkityksest\u00e4. Lis\u00e4ksi olen harjoitellut erilaisia hoitotoimia, kuten perushoitoa, ja asukkaiden p\u00e4ivitt\u00e4isiss\u00e4 toiminnoissa avustamista. Olen my\u00f6s oppinut, kuinka t\u00e4rke\u00e4\u00e4 on huomioida jokaisen asukkaan yksil\u00f6lliset tarpeet ja k\u00e4ytt\u00e4\u00e4 erilaisia vuorovaikutuksen keinoja. Ty\u00f6 on opettanut minulle k\u00e4rsiv\u00e4llisyytt\u00e4, &hellip; <a href=\"https:\/\/blogi.savonia.fi\/evgenyzhikharev\/?page_id=32\" class=\"more-link\">Jatka lukemista <span class=\"screen-reader-text\">Oppimisen reflektointi<\/span> <span class=\"meta-nav\">&rarr;<\/span><\/a><\/p>\n","protected":false},"author":12504,"featured_media":0,"parent":26,"menu_order":2,"comment_status":"open","ping_status":"closed","template":"","meta":{"footnotes":""},"class_list":["post-32","page","type-page","status-publish","hentry"],"_links":{"self":[{"href":"https:\/\/blogi.savonia.fi\/evgenyzhikharev\/index.php?rest_route=\/wp\/v2\/pages\/32","targetHints":{"allow":["GET"]}}],"collection":[{"href":"https:\/\/blogi.savonia.fi\/evgenyzhikharev\/index.php?rest_route=\/wp\/v2\/pages"}],"about":[{"href":"https:\/\/blogi.savonia.fi\/evgenyzhikharev\/index.php?rest_route=\/wp\/v2\/types\/page"}],"author":[{"embeddable":true,"href":"https:\/\/blogi.savonia.fi\/evgenyzhikharev\/index.php?rest_route=\/wp\/v2\/users\/12504"}],"replies":[{"embeddable":true,"href":"https:\/\/blogi.savonia.fi\/evgenyzhikharev\/index.php?rest_route=%2Fwp%2Fv2%2Fcomments&post=32"}],"version-history":[{"count":7,"href":"https:\/\/blogi.savonia.fi\/evgenyzhikharev\/index.php?rest_route=\/wp\/v2\/pages\/32\/revisions"}],"predecessor-version":[{"id":64,"href":"https:\/\/blogi.savonia.fi\/evgenyzhikharev\/index.php?rest_route=\/wp\/v2\/pages\/32\/revisions\/64"}],"up":[{"embeddable":true,"href":"https:\/\/blogi.savonia.fi\/evgenyzhikharev\/index.php?rest_route=\/wp\/v2\/pages\/26"}],"wp:attachment":[{"href":"https:\/\/blogi.savonia.fi\/evgenyzhikharev\/index.php?rest_route=%2Fwp%2Fv2%2Fmedia&parent=32"}],"curies":[{"name":"wp","href":"https:\/\/api.w.org\/{rel}","templated":true}]}}